{"id":48,"date":"2015-12-10T13:29:42","date_gmt":"2015-12-10T12:29:42","guid":{"rendered":"http:\/\/www.fachsatz.de\/GuK\/?page_id=48"},"modified":"2025-03-06T10:44:47","modified_gmt":"2025-03-06T09:44:47","slug":"arbeitsrecht","status":"publish","type":"page","link":"https:\/\/www.gippert-klein.de\/WP\/arbeitsrecht\/","title":{"rendered":"Arbeitsrecht"},"content":{"rendered":"<p><a href=\"https:\/\/www.gippert-klein.de\/WP\/wp-content\/uploads\/2016\/01\/ArbR.jpg\"><img loading=\"lazy\" decoding=\"async\" class=\"alignright size-full wp-image-227\" src=\"https:\/\/www.gippert-klein.de\/WP\/wp-content\/uploads\/2016\/01\/ArbR.jpg\" alt=\"Foto vom Arbeitsgericht\" width=\"410\" height=\"199\" srcset=\"https:\/\/www.gippert-klein.de\/WP\/wp-content\/uploads\/2016\/01\/ArbR.jpg 410w, https:\/\/www.gippert-klein.de\/WP\/wp-content\/uploads\/2016\/01\/ArbR-300x146.jpg 300w\" sizes=\"auto, (max-width: 410px) 100vw, 410px\" \/><\/a>Arbeitsrecht geh\u00f6rt zu den Rechtsgebieten, die wir anbieten. Hier beraten und vertreten wir Sie <abbr title=\"unter anderem\">u.a.<\/abbr> in folgenden Angelegenheiten:<\/p>\n<ul>\n<li>Gestaltung und Verhandlung von Arbeitsvertr\u00e4gen,<\/li>\n<li>\u00c4nderung und Beendigung von Vertr\u00e4gen (K\u00fcndigungsschutzklagen, Aufhebungsvertr\u00e4ge, Abwicklungsvertr\u00e4ge, Abfindungsverhandlungen <abbr title=\"et cetera\">etc.<\/abbr>)<\/li>\n<li>Beratung bez\u00fcglich sozial- und steuerrechtlicher Folgen der Beendigung von Arbeitsverh\u00e4ltnissen (<abbr title=\"zum Beispiel\">z.B.<\/abbr> Arbeitslosengeld, Sperrzeiten, Erstattungspflichten)<\/li>\n<li>Abmahnungen und Mobbing<\/li>\n<li>Teilzeit und Befristung<\/li>\n<li>Arbeitnehmer- und Arbeitgeberhaftung<\/li>\n<li>Streitigkeiten im kollektiven Arbeitsrecht<\/li>\n<li>Tarifrecht<\/li>\n<li>Eingruppierung und Verg\u00fctung<\/li>\n<li>Umsetzung, Versetzung und Abordnung<\/li>\n<li>Zeugnis und Beurteilungen<\/li>\n<li>Mutterschutz, Elternzeit und Elterngeld<\/li>\n<\/ul>\n<p>Diese und viele andere Themen kl\u00e4ren wir gerne individuell f\u00fcr Sie. Rufen Sie uns an, machen Sie einen Termin und fragen Sie uns!<\/p>","protected":false},"excerpt":{"rendered":"<p>Arbeitsrecht geh\u00f6rt zu den Rechtsgebieten, die wir anbieten. Hier beraten und vertreten wir Sie u.a. in folgenden Angelegenheiten: Gestaltung und Verhandlung von Arbeitsvertr\u00e4gen, \u00c4nderung und Beendigung von Vertr\u00e4gen (K\u00fcndigungsschutzklagen, Aufhebungsvertr\u00e4ge, Abwicklungsvertr\u00e4ge, Abfindungsverhandlungen etc.) Beratung bez\u00fcglich sozial- und steuerrechtlicher Folgen der Beendigung von Arbeitsverh\u00e4ltnissen (z.B. Arbeitslosengeld, Sperrzeiten, Erstattungspflichten) Abmahnungen und Mobbing Teilzeit und Befristung Arbeitnehmer- und [&hellip;]<\/p>\n","protected":false},"author":1,"featured_media":0,"parent":0,"menu_order":0,"comment_status":"closed","ping_status":"closed","template":"","meta":{"footnotes":""},"categories":[21],"tags":[23,24,22],"class_list":["post-48","page","type-page","status-publish","hentry","category-arbeitsrecht","tag-abfindung","tag-aufhebungsvertrag","tag-kuendigung"],"_links":{"self":[{"href":"https:\/\/www.gippert-klein.de\/WP\/wp-json\/wp\/v2\/pages\/48","targetHints":{"allow":["GET"]}}],"collection":[{"href":"https:\/\/www.gippert-klein.de\/WP\/wp-json\/wp\/v2\/pages"}],"about":[{"href":"https:\/\/www.gippert-klein.de\/WP\/wp-json\/wp\/v2\/types\/page"}],"author":[{"embeddable":true,"href":"https:\/\/www.gippert-klein.de\/WP\/wp-json\/wp\/v2\/users\/1"}],"replies":[{"embeddable":true,"href":"https:\/\/www.gippert-klein.de\/WP\/wp-json\/wp\/v2\/comments?post=48"}],"version-history":[{"count":10,"href":"https:\/\/www.gippert-klein.de\/WP\/wp-json\/wp\/v2\/pages\/48\/revisions"}],"predecessor-version":[{"id":1073,"href":"https:\/\/www.gippert-klein.de\/WP\/wp-json\/wp\/v2\/pages\/48\/revisions\/1073"}],"wp:attachment":[{"href":"https:\/\/www.gippert-klein.de\/WP\/wp-json\/wp\/v2\/media?parent=48"}],"wp:term":[{"taxonomy":"category","embeddable":true,"href":"https:\/\/www.gippert-klein.de\/WP\/wp-json\/wp\/v2\/categories?post=48"},{"taxonomy":"post_tag","embeddable":true,"href":"https:\/\/www.gippert-klein.de\/WP\/wp-json\/wp\/v2\/tags?post=48"}],"curies":[{"name":"wp","href":"https:\/\/api.w.org\/{rel}","templated":true}]}}